{"id":68840,"date":"2025-07-15T08:19:54","date_gmt":"2025-07-15T06:19:54","guid":{"rendered":"https:\/\/nebimusedtrucks.eu\/?page_id=68840"},"modified":"2025-07-15T08:20:54","modified_gmt":"2025-07-15T06:20:54","slug":"erklarung-zum-datenschutz","status":"publish","type":"page","link":"https:\/\/nebimusedtrucks.eu\/de\/erklarung-zum-datenschutz\/","title":{"rendered":"Erkl\u00e4rung zum Datenschutz"},"content":{"rendered":"<h1 class=\"wp-block-heading\">Erkl\u00e4rung zum Datenschutz<\/h1>\n\n\n\n<p>Die Nebim Group, zu der die oben genannten Markennamen geh\u00f6ren, ist f\u00fcr die Verarbeitung personenbezogener Daten verantwortlich, wie sie in dieser Datenschutzerkl\u00e4rung zum Ausdruck kommt.<\/p>\n\n\n\n<h3 class=\"wp-block-heading\">Pers\u00f6nliche Daten<\/h3>\n\n\n\n<p>Unter personenbezogenen Daten verstehen wir alle Daten, die es erm\u00f6glichen, Personen individuell zu identifizieren.<\/p>\n\n\n\n<p>Wir verarbeiten Ihre personenbezogenen Daten, weil Sie unsere Dienste in Anspruch nehmen und\/oder weil Sie sie uns selbst zur Verf\u00fcgung stellen. Im Folgenden finden Sie einen \u00dcberblick \u00fcber die personenbezogenen Daten, die wir verarbeiten:<\/p>\n\n\n\n<ul class=\"wp-block-list\">\n<li>Name des Unternehmens<\/li>\n\n\n\n<li>Vorname und Nachname<\/li>\n\n\n\n<li>Angaben zur Adresse<\/li>\n\n\n\n<li>Rufnummer<\/li>\n\n\n\n<li>E-Mail Adresse<\/li>\n\n\n\n<li>Sonstige personenbezogene Daten, die Sie uns aktiv zur Verf\u00fcgung stellen, z. B. durch Schriftverkehr und telefonischen Kontakt.<\/li>\n<\/ul>\n\n\n\n<h3 class=\"wp-block-heading\">Besondere und\/oder sensible personenbezogene Daten<\/h3>\n\n\n\n<p>Wir verarbeiten personenbezogene Daten von Minderj\u00e4hrigen (Personen unter 16 Jahren) nur, wenn die schriftliche Zustimmung der Eltern, des Vormunds oder des gesetzlichen Vertreters vorliegt. Wenn Sie davon \u00fcberzeugt sind, dass wir personenbezogene Daten eines Minderj\u00e4hrigen ohne eine solche Einwilligung erhoben haben, kontaktieren Sie uns bitte und wir werden diese Informationen l\u00f6schen.<\/p>\n\n\n\n<h3 class=\"wp-block-heading\">Verarbeitung von personenbezogenen Daten<\/h3>\n\n\n\n<p>Wir verarbeiten Ihre personenbezogenen Daten f\u00fcr die folgenden Zwecke:<\/p>\n\n\n\n<ul class=\"wp-block-list\">\n<li>Versenden unseres Newsletters.<\/li>\n\n\n\n<li>Sie anzurufen oder per E-Mail zu kontaktieren, wenn dies f\u00fcr die Erbringung unserer Dienstleistungen erforderlich ist.<\/li>\n\n\n\n<li>Sie \u00fcber \u00c4nderungen unserer Dienstleistungen und Produkte zu informieren.<\/li>\n\n\n\n<li>Zur Lieferung von Waren und Dienstleistungen an Sie.<\/li>\n\n\n\n<li>Wir verarbeiten auch personenbezogene Daten, wenn wir gesetzlich dazu verpflichtet sind, wie z. B. Daten, die wir f\u00fcr unsere Steuererkl\u00e4rung ben\u00f6tigen.<\/li>\n<\/ul>\n\n\n\n<h3 class=\"wp-block-heading\">Automatisierte Entscheidungsfindung<\/h3>\n\n\n\n<p>Wir treffen keine Entscheidungen auf der Grundlage automatisierter Verarbeitung in Angelegenheiten, die Einzelpersonen (erheblich) beeintr\u00e4chtigen k\u00f6nnten. Dies sind Entscheidungen, die von Computerprogrammen oder -systemen getroffen werden, ohne dass ein Mensch (z. B. ein Mitarbeiter der Nebim Group) daran beteiligt ist.<\/p>\n\n\n\n<h3 class=\"wp-block-heading\">Wie lange wir personenbezogene Daten aufbewahren<\/h3>\n\n\n\n<p>Wir bewahren Ihre personenbezogenen Daten nicht l\u00e4nger auf, als es f\u00fcr die Erf\u00fcllung der Zwecke, f\u00fcr die Ihre Daten erhoben wurden, unbedingt erforderlich ist.<\/p>\n\n\n\n<h3 class=\"wp-block-heading\">Weitergabe personenbezogener Daten an Dritte<\/h3>\n\n\n\n<p>Die Nebim Group verkauft Ihre Daten nicht an Dritte und gibt sie nur weiter, wenn dies f\u00fcr die Erf\u00fcllung unseres Vertrags mit Ihnen oder zur Erf\u00fcllung einer gesetzlichen Verpflichtung erforderlich ist. Wir schlie\u00dfen einen Verarbeitungsvertrag mit Unternehmen ab, die Ihre Daten in unserem Auftrag verarbeiten, um das gleiche Ma\u00df an Sicherheit und Vertraulichkeit Ihrer Daten zu gew\u00e4hrleisten. Wir bleiben f\u00fcr diese Verarbeitungen verantwortlich. Wir geben keine personenbezogenen Daten an Unternehmen au\u00dferhalb der EU weiter.<\/p>\n\n\n\n<h3 class=\"wp-block-heading\">Ihr Besuch auf unserer Website<\/h3>\n\n\n\n<p>Unser Hauptzweck bei der Erfassung von Informationen ist es, den Besuch unserer Website zu erleichtern. Es werden nur Informationen aufgezeichnet, die wir zur Erreichung dieses Zwecks f\u00fcr notwendig erachten. Sie sind nicht verpflichtet, diese Informationen weiterzugeben.<\/p>\n\n\n\n<h3 class=\"wp-block-heading\">Speichern von Informationen<\/h3>\n\n\n\n<p>Wenn Sie diese Website besuchen, k\u00f6nnen wir bestimmte Informationen \u00fcber Ihren Besuch speichern. Dazu geh\u00f6ren:<\/p>\n\n\n\n<ul class=\"wp-block-list\">\n<li>Die IP-Adresse - nicht auf Sie als Person zur\u00fcckf\u00fchrbar<\/li>\n\n\n\n<li>Der Internetdienstanbieter (ISP)<\/li>\n\n\n\n<li>Die Dauer des Besuchs<\/li>\n\n\n\n<li>Besuchte Seiten<\/li>\n\n\n\n<li>Die Einstiegs-\/Ausstiegsseite<\/li>\n\n\n\n<li>Die Anzahl der Besuche auf der Website<\/li>\n\n\n\n<li>Das verwendete Ger\u00e4t<\/li>\n\n\n\n<li>Informationen \u00fcber das Betriebssystem<\/li>\n\n\n\n<li>Informationen zum Internet-Browser<\/li>\n<\/ul>\n\n\n\n<p>Diese Informationen werden zu statistischen Zwecken verwendet. Dazu geh\u00f6ren Google Analytics, Google Adwords, Remarketing Google Adwords, Hotjar (Tool zur Nutzung der Website) und leads.vzw (Tool zur Erfassung der Website-Nutzung und des Website-Verhaltens). Auf einigen Seiten werden Sie aufgefordert, Informationen wie Name und Kontaktdaten zu hinterlassen. Zum Beispiel, wenn Sie den Newsletter abonnieren, ein Whitepaper oder andere Unterlagen herunterladen. In diesen F\u00e4llen bitten wir Sie ausdr\u00fccklich um die Erlaubnis, Ihre Daten f\u00fcr Marketingzwecke zu verwenden. Sie erhalten eine entsprechende Best\u00e4tigung per E-Mail. Jedes Mal, wenn Sie angesprochen werden, k\u00f6nnen Sie sich wieder abmelden.<\/p>\n\n\n\n<h3 class=\"wp-block-heading\">Google Analytics<\/h3>\n\n\n\n<p>Auf unserer Website wird im Rahmen des Dienstes \"Analytics\" ein Cookie von dem amerikanischen Unternehmen Google gesetzt. Wir nutzen diesen Dienst, um zu verfolgen, wie Besucher die Website nutzen und um Berichte dar\u00fcber zu erhalten. Google kann diese Informationen an Dritte weitergeben, wenn Google gesetzlich dazu verpflichtet ist oder soweit Dritte die Informationen im Auftrag von Google verarbeiten. Hierauf haben wir keinen Einfluss. Die von Google gesammelten Informationen werden so weit wie m\u00f6glich anonymisiert. Ihre IP-Adresse wird ausdr\u00fccklich nicht mitgeteilt und die Informationen k\u00f6nnen nicht auf Sie als Person zur\u00fcckgef\u00fchrt werden. Die Informationen werden an Google \u00fcbermittelt und von Google auf Servern in den Vereinigten Staaten gespeichert. Google erkl\u00e4rt, dass es sich an die Grunds\u00e4tze des Privacy Shield h\u00e4lt und dem Privacy-Shield-Programm des US-Handelsministeriums angeschlossen ist. Dies bedeutet, dass ein angemessenes Schutzniveau f\u00fcr die Verarbeitung personenbezogener Daten besteht.<\/p>\n\n\n\n<h3 class=\"wp-block-heading\">Soziale Medien<\/h3>\n\n\n\n<p>Unsere Website enth\u00e4lt Schaltfl\u00e4chen zum Bewerben (\"Gef\u00e4llt mir\") oder Teilen (\"Tweeten\") von Webseiten in sozialen Netzwerken. Diese Schaltfl\u00e4chen funktionieren \u00fcber Codeschnipsel, die von den sozialen Medien selbst stammen.<\/p>\n\n\n\n<p>Mittels dieses Codes werden Cookies gesetzt. Wir haben keinen Einfluss auf diese. Bitte lesen Sie die Datenschutzerkl\u00e4rung der sozialen Medien, um zu erfahren, was sie mit Ihren (pers\u00f6nlichen) Daten machen, die sie durch diese Cookies verarbeiten. Die von ihnen gesammelten Informationen werden so weit wie m\u00f6glich anonymisiert. Die Informationen werden an Twitter, Facebook, Google+ und LinkedIn \u00fcbertragen und dort auf Servern in den Vereinigten Staaten gespeichert. LinkedIn, Twitter, Facebook und Google+ halten sich an die Grunds\u00e4tze des Privacy Shield und sind Mitglieder des Privacy-Shield-Programms des US-Handelsministeriums.<\/p>\n\n\n\n<p>Von dieser Regel gibt es Ausnahmen:<\/p>\n\n\n\n<ul class=\"wp-block-list\">\n<li>Wenn Sie uns ausdr\u00fccklich die Erlaubnis dazu erteilt haben<\/li>\n\n\n\n<li>Hierf\u00fcr gibt es rechtliche Gr\u00fcnde.<\/li>\n<\/ul>\n\n\n\n<h3 class=\"wp-block-heading\">Sicherung von personenbezogenen Daten<\/h3>\n\n\n\n<p>Wir nehmen den Schutz Ihrer Daten ernst und ergreifen geeignete Ma\u00dfnahmen, um Missbrauch, Verlust, unbefugtem Zugriff, unerw\u00fcnschter Offenlegung und unbefugter Ver\u00e4nderung entgegenzuwirken. Sollten Sie dennoch den Eindruck haben, dass Ihre Daten nicht ordnungsgem\u00e4\u00df gesichert sind oder es Anzeichen f\u00fcr einen Missbrauch gibt, wenden Sie sich bitte an uns.<\/p>\n\n\n\n<h3 class=\"wp-block-heading\">Rechte in Bezug auf Ihre Daten<\/h3>\n\n\n\n<p>Sie haben das Recht, die personenbezogenen Daten, die wir von Ihnen erhalten haben, einzusehen, zu berichtigen oder zu l\u00f6schen. Sie k\u00f6nnen auch der Verarbeitung aller oder eines Teils Ihrer personenbezogenen Daten durch uns oder einen unserer Auftragsverarbeiter widersprechen. Sie haben auch das Recht, dass wir die Daten, die Sie sich selbst oder in Ihrem Namen zur Verf\u00fcgung gestellt haben, direkt an eine andere Partei weitergeben. Wir k\u00f6nnen Sie bitten, sich zu identifizieren, bevor wir den vorgenannten Antr\u00e4gen nachkommen k\u00f6nnen. Sollten wir Ihre personenbezogenen Daten auf der Grundlage einer von Ihnen zu diesem Zweck erteilten Einwilligung verarbeiten, haben Sie jederzeit das Recht, diese Einwilligung zu widerrufen.<\/p>\n\n\n\n<h3 class=\"wp-block-heading\">Fragen<\/h3>\n\n\n\n<p>Wenn Sie Fragen oder Anmerkungen zu unserer Datenschutzerkl\u00e4rung haben, wenden Sie sich bitte an uns. Sie k\u00f6nnen uns unter usedtrucks@nebim.eu erreichen.<\/p>","protected":false},"excerpt":{"rendered":"<p>Privacyverklaring Nebim Groep, hieronder worden bovenstaande handelsnamen onder verstaan, is verantwoordelijk voor de verwerking van persoonsgegevens zoals weergegeven in deze privacyverklaring. Persoonsgegevens Onder persoonsgegevens verstaan wij alle gegevens waarmee personen individueel te identificeren zijn. Wij verwerken uw persoonsgegevens doordat u gebruik maakt van onze diensten en\/of omdat u deze gegevens zelf aan ons verstrekt. Hieronder [&hellip;]<\/p>","protected":false},"author":1,"featured_media":0,"parent":0,"menu_order":0,"comment_status":"closed","ping_status":"closed","template":"","meta":{"_acf_changed":false,"footnotes":""},"class_list":["post-68840","page","type-page","status-publish","hentry"],"acf":[],"yoast_head":"<!-- This site is optimized with the Yoast SEO plugin v26.2 - https:\/\/yoast.com\/wordpress\/plugins\/seo\/ -->\n<title>Privacyverklaring - Nebim Used Trucks<\/title>\n<meta name=\"robots\" content=\"index, follow, max-snippet:-1, max-image-preview:large, max-video-preview:-1\" \/>\n<link rel=\"canonical\" href=\"https:\/\/nebimusedtrucks.eu\/de\/erklarung-zum-datenschutz\/\" \/>\n<meta property=\"og:locale\" content=\"de_DE\" \/>\n<meta property=\"og:type\" content=\"article\" \/>\n<meta property=\"og:title\" content=\"Privacyverklaring - Nebim Used Trucks\" \/>\n<meta property=\"og:description\" content=\"Privacyverklaring Nebim Groep, hieronder worden bovenstaande handelsnamen onder verstaan, is verantwoordelijk voor de verwerking van persoonsgegevens zoals weergegeven in deze privacyverklaring. Persoonsgegevens Onder persoonsgegevens verstaan wij alle gegevens waarmee personen individueel te identificeren zijn. Wij verwerken uw persoonsgegevens doordat u gebruik maakt van onze diensten en\/of omdat u deze gegevens zelf aan ons verstrekt. Hieronder [&hellip;]\" \/>\n<meta property=\"og:url\" content=\"https:\/\/nebimusedtrucks.eu\/de\/erklarung-zum-datenschutz\/\" \/>\n<meta property=\"og:site_name\" content=\"Nebim Used Trucks\" \/>\n<meta property=\"article:publisher\" content=\"https:\/\/www.facebook.com\/NebimUsedTrucks\" \/>\n<meta property=\"article:modified_time\" content=\"2025-07-15T06:20:54+00:00\" \/>\n<meta property=\"og:image\" content=\"https:\/\/nebimusedtrucks.eu\/wp-content\/uploads\/2025\/07\/Nebim-Used-Trucks-Favicon.webp\" \/>\n\t<meta property=\"og:image:width\" content=\"512\" \/>\n\t<meta property=\"og:image:height\" content=\"512\" \/>\n\t<meta property=\"og:image:type\" content=\"image\/webp\" \/>\n<meta name=\"twitter:card\" content=\"summary_large_image\" \/>\n<meta name=\"twitter:label1\" content=\"Gesch\u00e4tzte Lesezeit\" \/>\n\t<meta name=\"twitter:data1\" content=\"6\u00a0Minuten\" \/>\n<script type=\"application\/ld+json\" class=\"yoast-schema-graph\">{\"@context\":\"https:\/\/schema.org\",\"@graph\":[{\"@type\":\"WebPage\",\"@id\":\"https:\/\/nebimusedtrucks.eu\/privacyverklaring\/\",\"url\":\"https:\/\/nebimusedtrucks.eu\/privacyverklaring\/\",\"name\":\"Privacyverklaring - Nebim Used Trucks\",\"isPartOf\":{\"@id\":\"https:\/\/nebimusedtrucks.eu\/#website\"},\"datePublished\":\"2025-07-15T06:19:54+00:00\",\"dateModified\":\"2025-07-15T06:20:54+00:00\",\"breadcrumb\":{\"@id\":\"https:\/\/nebimusedtrucks.eu\/privacyverklaring\/#breadcrumb\"},\"inLanguage\":\"de\",\"potentialAction\":[{\"@type\":\"ReadAction\",\"target\":[\"https:\/\/nebimusedtrucks.eu\/privacyverklaring\/\"]}]},{\"@type\":\"BreadcrumbList\",\"@id\":\"https:\/\/nebimusedtrucks.eu\/privacyverklaring\/#breadcrumb\",\"itemListElement\":[{\"@type\":\"ListItem\",\"position\":1,\"name\":\"Home\",\"item\":\"https:\/\/nebimusedtrucks.eu\/\"},{\"@type\":\"ListItem\",\"position\":2,\"name\":\"Privacyverklaring\"}]},{\"@type\":\"WebSite\",\"@id\":\"https:\/\/nebimusedtrucks.eu\/#website\",\"url\":\"https:\/\/nebimusedtrucks.eu\/\",\"name\":\"Nebim Used Trucks\",\"description\":\"Het juiste adres voor aankoop en verkoop van gebruikte trucks, trailers en bedrijfswagens\",\"publisher\":{\"@id\":\"https:\/\/nebimusedtrucks.eu\/#organization\"},\"potentialAction\":[{\"@type\":\"SearchAction\",\"target\":{\"@type\":\"EntryPoint\",\"urlTemplate\":\"https:\/\/nebimusedtrucks.eu\/?s={search_term_string}\"},\"query-input\":{\"@type\":\"PropertyValueSpecification\",\"valueRequired\":true,\"valueName\":\"search_term_string\"}}],\"inLanguage\":\"de\"},{\"@type\":\"Organization\",\"@id\":\"https:\/\/nebimusedtrucks.eu\/#organization\",\"name\":\"Nebim Used Trucks\",\"url\":\"https:\/\/nebimusedtrucks.eu\/\",\"logo\":{\"@type\":\"ImageObject\",\"inLanguage\":\"de\",\"@id\":\"https:\/\/nebimusedtrucks.eu\/#\/schema\/logo\/image\/\",\"url\":\"https:\/\/nebimusedtrucks.eu\/wp-content\/uploads\/2025\/06\/2019-nebim-used-trucks_RGB.png\",\"contentUrl\":\"https:\/\/nebimusedtrucks.eu\/wp-content\/uploads\/2025\/06\/2019-nebim-used-trucks_RGB.png\",\"width\":1192,\"height\":380,\"caption\":\"Nebim Used Trucks\"},\"image\":{\"@id\":\"https:\/\/nebimusedtrucks.eu\/#\/schema\/logo\/image\/\"},\"sameAs\":[\"https:\/\/www.facebook.com\/NebimUsedTrucks\",\"https:\/\/www.instagram.com\/nebim_used_trucks\/\",\"https:\/\/www.linkedin.com\/company\/10540837\/admin\/page-posts\/published\/\"]}]}<\/script>\n<!-- \/ Yoast SEO plugin. -->","yoast_head_json":{"title":"Datenschutzerkl\u00e4rung - Nebim Used Trucks","robots":{"index":"index","follow":"follow","max-snippet":"max-snippet:-1","max-image-preview":"max-image-preview:large","max-video-preview":"max-video-preview:-1"},"canonical":"https:\/\/nebimusedtrucks.eu\/de\/erklarung-zum-datenschutz\/","og_locale":"de_DE","og_type":"article","og_title":"Privacyverklaring - Nebim Used Trucks","og_description":"Privacyverklaring Nebim Groep, hieronder worden bovenstaande handelsnamen onder verstaan, is verantwoordelijk voor de verwerking van persoonsgegevens zoals weergegeven in deze privacyverklaring. Persoonsgegevens Onder persoonsgegevens verstaan wij alle gegevens waarmee personen individueel te identificeren zijn. Wij verwerken uw persoonsgegevens doordat u gebruik maakt van onze diensten en\/of omdat u deze gegevens zelf aan ons verstrekt. Hieronder [&hellip;]","og_url":"https:\/\/nebimusedtrucks.eu\/de\/erklarung-zum-datenschutz\/","og_site_name":"Nebim Used Trucks","article_publisher":"https:\/\/www.facebook.com\/NebimUsedTrucks","article_modified_time":"2025-07-15T06:20:54+00:00","og_image":[{"width":512,"height":512,"url":"https:\/\/nebimusedtrucks.eu\/wp-content\/uploads\/2025\/07\/Nebim-Used-Trucks-Favicon.webp","type":"image\/webp"}],"twitter_card":"summary_large_image","twitter_misc":{"Gesch\u00e4tzte Lesezeit":"6\u00a0Minuten"},"schema":{"@context":"https:\/\/schema.org","@graph":[{"@type":"WebPage","@id":"https:\/\/nebimusedtrucks.eu\/privacyverklaring\/","url":"https:\/\/nebimusedtrucks.eu\/privacyverklaring\/","name":"Datenschutzerkl\u00e4rung - Nebim Used Trucks","isPartOf":{"@id":"https:\/\/nebimusedtrucks.eu\/#website"},"datePublished":"2025-07-15T06:19:54+00:00","dateModified":"2025-07-15T06:20:54+00:00","breadcrumb":{"@id":"https:\/\/nebimusedtrucks.eu\/privacyverklaring\/#breadcrumb"},"inLanguage":"de","potentialAction":[{"@type":"ReadAction","target":["https:\/\/nebimusedtrucks.eu\/privacyverklaring\/"]}]},{"@type":"BreadcrumbList","@id":"https:\/\/nebimusedtrucks.eu\/privacyverklaring\/#breadcrumb","itemListElement":[{"@type":"ListItem","position":1,"name":"Home","item":"https:\/\/nebimusedtrucks.eu\/"},{"@type":"ListItem","position":2,"name":"Privacyverklaring"}]},{"@type":"WebSite","@id":"https:\/\/nebimusedtrucks.eu\/#website","url":"https:\/\/nebimusedtrucks.eu\/","name":"Nebim Used Trucks","description":"Die richtige Adresse f\u00fcr den Kauf und Verkauf von gebrauchten Lkw, Anh\u00e4ngern und Nutzfahrzeugen","publisher":{"@id":"https:\/\/nebimusedtrucks.eu\/#organization"},"potentialAction":[{"@type":"SearchAction","target":{"@type":"EntryPoint","urlTemplate":"https:\/\/nebimusedtrucks.eu\/?s={search_term_string}"},"query-input":{"@type":"PropertyValueSpecification","valueRequired":true,"valueName":"search_term_string"}}],"inLanguage":"de"},{"@type":"Organization","@id":"https:\/\/nebimusedtrucks.eu\/#organization","name":"Nebim Used Trucks","url":"https:\/\/nebimusedtrucks.eu\/","logo":{"@type":"ImageObject","inLanguage":"de","@id":"https:\/\/nebimusedtrucks.eu\/#\/schema\/logo\/image\/","url":"https:\/\/nebimusedtrucks.eu\/wp-content\/uploads\/2025\/06\/2019-nebim-used-trucks_RGB.png","contentUrl":"https:\/\/nebimusedtrucks.eu\/wp-content\/uploads\/2025\/06\/2019-nebim-used-trucks_RGB.png","width":1192,"height":380,"caption":"Nebim Used Trucks"},"image":{"@id":"https:\/\/nebimusedtrucks.eu\/#\/schema\/logo\/image\/"},"sameAs":["https:\/\/www.facebook.com\/NebimUsedTrucks","https:\/\/www.instagram.com\/nebim_used_trucks\/","https:\/\/www.linkedin.com\/company\/10540837\/admin\/page-posts\/published\/"]}]}},"_links":{"self":[{"href":"https:\/\/nebimusedtrucks.eu\/de\/wp-json\/wp\/v2\/pages\/68840","targetHints":{"allow":["GET"]}}],"collection":[{"href":"https:\/\/nebimusedtrucks.eu\/de\/wp-json\/wp\/v2\/pages"}],"about":[{"href":"https:\/\/nebimusedtrucks.eu\/de\/wp-json\/wp\/v2\/types\/page"}],"author":[{"embeddable":true,"href":"https:\/\/nebimusedtrucks.eu\/de\/wp-json\/wp\/v2\/users\/1"}],"replies":[{"embeddable":true,"href":"https:\/\/nebimusedtrucks.eu\/de\/wp-json\/wp\/v2\/comments?post=68840"}],"version-history":[{"count":2,"href":"https:\/\/nebimusedtrucks.eu\/de\/wp-json\/wp\/v2\/pages\/68840\/revisions"}],"predecessor-version":[{"id":68842,"href":"https:\/\/nebimusedtrucks.eu\/de\/wp-json\/wp\/v2\/pages\/68840\/revisions\/68842"}],"wp:attachment":[{"href":"https:\/\/nebimusedtrucks.eu\/de\/wp-json\/wp\/v2\/media?parent=68840"}],"curies":[{"name":"wp","href":"https:\/\/api.w.org\/{rel}","templated":true}]}}